{"id":176,"date":"2024-04-05T08:56:02","date_gmt":"2024-04-05T06:56:02","guid":{"rendered":"https:\/\/foodtruck-lyon.local\/?page_id=176"},"modified":"2024-04-05T08:58:21","modified_gmt":"2024-04-05T06:58:21","slug":"politique-de-confidentialite-2","status":"publish","type":"page","link":"http:\/\/leschaletsdeconjux.com\/?page_id=176","title":{"rendered":"Politique de Confidentialit\u00e9"},"content":{"rendered":"\t\t<div data-elementor-type=\"wp-page\" data-elementor-id=\"176\" class=\"elementor elementor-176\">\n\t\t\t\t<div class=\"elementor-element elementor-element-deb9a39 e-flex e-con-boxed e-con e-parent\" data-id=\"deb9a39\" data-element_type=\"container\" data-e-type=\"container\">\n\t\t\t\t\t<div class=\"e-con-inner\">\n\t\t\t\t<div class=\"elementor-element elementor-element-9afec93 elementor-widget elementor-widget-heading\" data-id=\"9afec93\" data-element_type=\"widget\" data-e-type=\"widget\" data-widget_type=\"heading.default\">\n\t\t\t\t<div class=\"elementor-widget-container\">\n\t\t\t\t\t<h2 class=\"elementor-heading-title elementor-size-default\">Politique de Confidentialit\u00e9<\/h2>\t\t\t\t<\/div>\n\t\t\t\t<\/div>\n\t\t\t\t\t<\/div>\n\t\t\t\t<\/div>\n\t\t<div class=\"elementor-element elementor-element-aa1110a e-flex e-con-boxed e-con e-parent\" data-id=\"aa1110a\" data-element_type=\"container\" data-e-type=\"container\">\n\t\t\t\t\t<div class=\"e-con-inner\">\n\t\t\t\t<div class=\"elementor-element elementor-element-3ad9ccd elementor-widget elementor-widget-text-editor\" data-id=\"3ad9ccd\" data-element_type=\"widget\" data-e-type=\"widget\" data-widget_type=\"text-editor.default\">\n\t\t\t\t<div class=\"elementor-widget-container\">\n\t\t\t\t\t\t\t\t\t<h3 class=\"wp-block-heading\"><strong>1- Nature des donn\u00e9es collect\u00e9es<\/strong><\/h3><p>Dans le cadre de l\u2019utilisation des Sites, l\u2019\u00c9diteur est susceptible de collecter les cat\u00e9gories de donn\u00e9es suivantes concernant ses Utilisateurs : Donn\u00e9es d\u2019\u00e9tat-civil, d\u2019identit\u00e9, d\u2019identification\u2026<\/p><h3 class=\"wp-block-heading\"><strong>2- Communication des donn\u00e9es personnelles \u00e0 des tiers<\/strong><\/h3><p>Pas de communication \u00e0 des tiers<br \/>Vos donn\u00e9es ne font l\u2019objet d\u2019aucune communication \u00e0 des tiers. Vous \u00eates toutefois inform\u00e9s qu\u2019elles pourront \u00eatre divulgu\u00e9es en application d\u2019une loi, d\u2019un r\u00e8glement ou en vertu d\u2019une d\u00e9cision d\u2019une autorit\u00e9 r\u00e9glementaire ou judiciaire comp\u00e9tente.<\/p><h3 class=\"wp-block-heading\"><strong>3- Information pr\u00e9alable pour la communication des donn\u00e9es personnelles \u00e0 des tiers en cas de fusion<\/strong><\/h3><p>Collecte du consentement pr\u00e9alable \u00e0 la transmission des donn\u00e9es suite \u00e0 une fusion.<br \/>Dans le cas o\u00f9 nous prendrions part \u00e0 une op\u00e9ration de fusion, d\u2019acquisition ou \u00e0 toute autre forme de cession d\u2019actifs nous nous engageons \u00e0 obtenir votre consentement pr\u00e9alable \u00e0 la transmission de vos donn\u00e9es personnelles et \u00e0 maintenir le niveau de confidentialit\u00e9 de vos donn\u00e9es personnelles auquel vous avez consenti.<\/p><h3 class=\"wp-block-heading\"><strong>4- Agr\u00e9gation des donn\u00e9es<\/strong><\/h3><p>Agr\u00e9gation avec des donn\u00e9es non personnelles<br \/>Nous pouvons publier, divulguer et utiliser les informations agr\u00e9g\u00e9es (informations relatives \u00e0 tous nos Utilisateurs ou \u00e0 des groupes ou cat\u00e9gories sp\u00e9cifiques d\u2019Utilisateurs que nous combinons de mani\u00e8re \u00e0 ce qu\u2019un Utilisateur individuel ne puisse plus \u00eatre identifi\u00e9 ou mentionn\u00e9) et les informations non personnelles \u00e0 des fins d\u2019analyse du secteur et du march\u00e9, de profilage d\u00e9mographique, \u00e0 des fins promotionnelles et publicitaires et \u00e0 d\u2019autres fins commerciales.<\/p><h3 class=\"wp-block-heading\"><strong>5- Collecte des donn\u00e9es d\u2019identit\u00e9<\/strong><\/h3><p>Consultation libre<br \/>La consultation du Site ne n\u00e9cessite pas d\u2019inscription ni d\u2019identification pr\u00e9alable. Elle peut s\u2019effectuer sans que vous ne communiquiez de donn\u00e9es nominatives vous concernant (nom, pr\u00e9nom, adresse, etc). Nous ne proc\u00e9dons \u00e0 aucun enregistrement de donn\u00e9es nominatives pour la simple consultation du Site.<\/p><h3 class=\"wp-block-heading\"><strong>6- Collecte des donn\u00e9es d\u2019identification<\/strong><\/h3><p>Utilisation de l\u2019identifiant de l\u2019utilisateur uniquement pour l\u2019acc\u00e8s aux services.<br \/>Nous utilisons vos identifiants \u00e9lectroniques seulement pour et pendant l\u2019ex\u00e9cution du contrat.<\/p><h3 class=\"wp-block-heading\"><strong>7- Collecte des donn\u00e9es du terminal<\/strong><\/h3><p>Aucune collecte des donn\u00e9es techniques<br \/>Nous ne collectons et ne conservons aucune donn\u00e9e technique de votre appareil (adresse IP, fournisseur d\u2019acc\u00e8s \u00e0 Internet\u2026).<\/p><h3 class=\"wp-block-heading\"><strong>8- Cookies<\/strong><\/h3><p><strong>Dur\u00e9e de conservation des cookies<\/strong><br \/>Conform\u00e9ment aux recommandations de la CNIL, la dur\u00e9e maximale de conservation des cookies est de 13 mois au maximum apr\u00e8s leur premier d\u00e9p\u00f4t dans le terminal de l\u2019Utilisateur, tout comme la dur\u00e9e de la validit\u00e9 du consentement de l\u2019Utilisateur \u00e0 l\u2019utilisation de ces cookies.<br \/>La dur\u00e9e de vie des cookies n\u2019est pas prolong\u00e9e \u00e0 chaque visite. Le consentement de l\u2019Utilisateur devra donc \u00eatre renouvel\u00e9 \u00e0 l\u2019issue de ce d\u00e9lai.<\/p><p><strong>Finalit\u00e9 cookies<\/strong><br \/>Les cookies peuvent \u00eatre utilis\u00e9s pour des fins statistiques notamment pour optimiser les services rendus \u00e0 l\u2019Utilisateur, \u00e0 partir du traitement des informations concernant la fr\u00e9quence d\u2019acc\u00e8s, la personnalisation des pages ainsi que les op\u00e9rations r\u00e9alis\u00e9es et les informations consult\u00e9es.<br \/>Vous \u00eates inform\u00e9 que l\u2019\u00c9diteur est susceptible de d\u00e9poser des cookies sur votre terminal. Le cookie enregistre des informations relatives \u00e0 la navigation sur le service (les pages que vous avez consult\u00e9es, la date et l\u2019heure de la consultation\u2026) que nous pourrons lire lors de vos visites ult\u00e9rieures.<\/p><p><strong>Droit de l\u2019Utilisateur de refuser les cookies<\/strong><br \/>Vous reconnaissez avoir \u00e9t\u00e9 inform\u00e9 que l\u2019\u00c9diteur peut avoir recours \u00e0 des cookies. Si vous ne souhaitez pas que des cookies soient utilis\u00e9s sur votre terminal, la plupart des navigateurs vous permettent de d\u00e9sactiver les cookies en passant par les options de r\u00e9glage.<\/p><h3 class=\"wp-block-heading\"><strong>9 \u2013 Conservation des donn\u00e9es techniques<\/strong><\/h3><p>Dur\u00e9e de conservation des donn\u00e9es techniques<br \/>Les donn\u00e9es techniques sont conserv\u00e9es pour la dur\u00e9e strictement n\u00e9cessaire \u00e0 la r\u00e9alisation des finalit\u00e9s vis\u00e9es ci-avant.<\/p><h3 class=\"wp-block-heading\"><strong>10- D\u00e9lai de conservation des donn\u00e9es personnelles<\/strong><\/h3><p><strong>Pas de conservation des donn\u00e9es<\/strong><br \/>Nous ne conservons aucune donn\u00e9e personnelle au del\u00e0 de votre dur\u00e9e de connexion au service pour les finalit\u00e9s d\u00e9crites dans les pr\u00e9sentes Politique de confidentialit\u00e9.<\/p><p><strong>Suppression des donn\u00e9es apr\u00e8s suppression du compte<\/strong><br \/>Des moyens de purge de donn\u00e9es sont mis en place afin d\u2019en pr\u00e9voir la suppression effective d\u00e8s lors que la dur\u00e9e de conservation ou d\u2019archivage n\u00e9cessaire \u00e0 l\u2019accomplissement des finalit\u00e9s d\u00e9termin\u00e9es ou impos\u00e9es est atteinte. Conform\u00e9ment \u00e0 la loi n\u00b078-17 du 6 janvier 1978 relative \u00e0 l\u2019informatique, aux fichiers et aux libert\u00e9s, vous disposez par ailleurs d\u2019un droit de suppression sur vos donn\u00e9es que vous pouvez exercer \u00e0 tout moment en prenant contact avec l\u2019\u00c9diteur.<\/p><h3 class=\"wp-block-heading\"><strong>11- Indications en cas de faille de s\u00e9curit\u00e9 d\u00e9cel\u00e9e par l\u2019\u00c9diteur<\/strong><\/h3><p><strong>Information de l\u2019Utilisateur en cas de faille de s\u00e9curit\u00e9<\/strong><br \/>Nous nous engageons \u00e0 mettre en \u0153uvre toutes les mesures techniques et organisationnelles appropri\u00e9es afin de garantir un niveau de s\u00e9curit\u00e9 adapt\u00e9 au regard des risques d\u2019acc\u00e8s accidentels, non autoris\u00e9s ou ill\u00e9gaux, de divulgation, d\u2019alt\u00e9ration, de perte ou encore de destruction des donn\u00e9es personnelles vous concernant. Dans l\u2019\u00e9ventualit\u00e9 o\u00f9 nous prendrions connaissance d\u2019un acc\u00e8s ill\u00e9gal aux donn\u00e9es personnelles vous concernant stock\u00e9es sur nos serveurs ou ceux de nos prestataires, ou d\u2019un acc\u00e8s non autoris\u00e9 ayant pour cons\u00e9quence la r\u00e9alisation des risques identifi\u00e9s ci-dessus, nous nous engageons \u00e0 :<br \/>Vous notifier l\u2019incident dans les plus brefs d\u00e9lais ;<br \/>Examiner les causes de l\u2019incident et vous en informer ;<br \/>Prendre les mesures n\u00e9cessaires dans la limite du raisonnable afin d\u2019amoindrir les effets n\u00e9gatifs<br \/>et pr\u00e9judices pouvant r\u00e9sulter dudit incident.<\/p><p><strong>Limitation de la responsabilit\u00e9<\/strong><br \/>En aucun cas les engagements d\u00e9finis au point ci-dessus relatifs \u00e0 la notification en cas de faille<br \/>de s\u00e9curit\u00e9 ne peuvent \u00eatre assimil\u00e9s \u00e0 une quelconque reconnaissance de faute ou de<br \/>responsabilit\u00e9 quant \u00e0 la survenance de l\u2019incident en question.<\/p><h3 class=\"wp-block-heading\"><strong>12- Modification de la politique de confidentialit\u00e9<\/strong><\/h3><p>En cas de modification de la pr\u00e9sente Politique de Confidentialit\u00e9, nous nous engageons \u00e0 ne pas<br \/>baisser le niveau de confidentialit\u00e9 de mani\u00e8re substantielle sans l\u2019information pr\u00e9alable des personnes concern\u00e9es.<br \/>Nous nous engageons \u00e0 vous informer en cas de modification substantielle de la pr\u00e9sente Politique de Confidentialit\u00e9, et \u00e0 ne pas baisser le niveau de confidentialit\u00e9 de vos donn\u00e9es de mani\u00e8re substantielle sans vous en informer et obtenir votre consentement.<\/p><h3 class=\"wp-block-heading\"><strong>13- Droit applicable et modalit\u00e9s de recours<\/strong><\/h3><p><strong>Application du droit fran\u00e7ais (l\u00e9gislation CNIL) et comp\u00e9tence des tribunaux<\/strong><br \/>La pr\u00e9sente Politique de Confidentialit\u00e9 et votre utilisation du Site sont r\u00e9gies et interpr\u00e9t\u00e9es conform\u00e9ment aux lois de France, et notamment \u00e0 la Loi n\u00b0 78-17 du 6 janvier 1978 relative \u00e0 l\u2019informatique, aux fichiers et aux libert\u00e9s. Le choix de la loi applicable ne porte pas atteinte \u00e0 vos droits en tant que consommateur conform\u00e9ment \u00e0 la loi applicable de votre lieu de r\u00e9sidence.<\/p><p>Si vous \u00eates un consommateur, vous et nous acceptons de se soumettre \u00e0 la comp\u00e9tence non exclusive des juridictions fran\u00e7aises. Ce qui signifie que vous pouvez engager une action relative \u00e0 la pr\u00e9sente Politique de Confidentialit\u00e9 en France ou dans le pays de l\u2019UE dans lequel vous vivez. Si vous \u00eates un professionnel, toutes les actions \u00e0 notre encontre doivent \u00eatre engag\u00e9es devant une juridiction en France.<\/p><p><br \/>En cas de litige, les parties chercheront une solution amiable avant toute action judiciaire. En cas d\u2019\u00e9chec de ces tentatives, toutes contestations \u00e0 la validit\u00e9, l\u2019interpr\u00e9tation et \/ ou l\u2019ex\u00e9cution de la Politique de Confidentialit\u00e9 devront \u00eatre port\u00e9es m\u00eame en cas de pluralit\u00e9 des d\u00e9fendeurs ou d\u2019appel en garantie, devant les tribunaux fran\u00e7ais.<\/p>\t\t\t\t\t\t\t\t<\/div>\n\t\t\t\t<\/div>\n\t\t\t\t\t<\/div>\n\t\t\t\t<\/div>\n\t\t\t\t<\/div>\n\t\t","protected":false},"excerpt":{"rendered":"<p>Politique de Confidentialit\u00e9 1- Nature des donn\u00e9es collect\u00e9es Dans le cadre de l\u2019utilisation des Sites, l\u2019\u00c9diteur est susceptible de collecter les cat\u00e9gories de donn\u00e9es suivantes concernant ses Utilisateurs : Donn\u00e9es d\u2019\u00e9tat-civil, d\u2019identit\u00e9, d\u2019identification\u2026 2- Communication des donn\u00e9es personnelles \u00e0 des tiers Pas de communication \u00e0 des tiersVos donn\u00e9es ne font l\u2019objet d\u2019aucune communication \u00e0 des [&hellip;]<\/p>\n","protected":false},"author":2,"featured_media":0,"parent":0,"menu_order":0,"comment_status":"closed","ping_status":"closed","template":"","meta":{"footnotes":""},"class_list":["post-176","page","type-page","status-publish","hentry","entry"],"yoast_head":"<!-- This site is optimized with the Yoast SEO plugin v27.4 - https:\/\/yoast.com\/product\/yoast-seo-wordpress\/ -->\n<title>Politique de Confidentialit\u00e9 - LES CHALETS DE CONJUX<\/title>\n<meta name=\"robots\" content=\"index, follow, max-snippet:-1, max-image-preview:large, max-video-preview:-1\" \/>\n<link rel=\"canonical\" href=\"http:\/\/leschaletsdeconjux.com\/?page_id=176\" \/>\n<meta property=\"og:locale\" content=\"fr_FR\" \/>\n<meta property=\"og:type\" content=\"article\" \/>\n<meta property=\"og:title\" content=\"Politique de Confidentialit\u00e9 - LES CHALETS DE CONJUX\" \/>\n<meta property=\"og:description\" content=\"Politique de Confidentialit\u00e9 1- Nature des donn\u00e9es collect\u00e9es Dans le cadre de l\u2019utilisation des Sites, l\u2019\u00c9diteur est susceptible de collecter les cat\u00e9gories de donn\u00e9es suivantes concernant ses Utilisateurs : Donn\u00e9es d\u2019\u00e9tat-civil, d\u2019identit\u00e9, d\u2019identification\u2026 2- Communication des donn\u00e9es personnelles \u00e0 des tiers Pas de communication \u00e0 des tiersVos donn\u00e9es ne font l\u2019objet d\u2019aucune communication \u00e0 des [&hellip;]\" \/>\n<meta property=\"og:url\" content=\"http:\/\/leschaletsdeconjux.com\/?page_id=176\" \/>\n<meta property=\"og:site_name\" content=\"LES CHALETS DE CONJUX\" \/>\n<meta property=\"article:modified_time\" content=\"2024-04-05T06:58:21+00:00\" \/>\n<meta name=\"twitter:card\" content=\"summary_large_image\" \/>\n<meta name=\"twitter:label1\" content=\"Dur\u00e9e de lecture estim\u00e9e\" \/>\n\t<meta name=\"twitter:data1\" content=\"7 minutes\" \/>\n<script type=\"application\/ld+json\" class=\"yoast-schema-graph\">{\"@context\":\"https:\\\/\\\/schema.org\",\"@graph\":[{\"@type\":\"WebPage\",\"@id\":\"http:\\\/\\\/leschaletsdeconjux.com\\\/?page_id=176\",\"url\":\"http:\\\/\\\/leschaletsdeconjux.com\\\/?page_id=176\",\"name\":\"Politique de Confidentialit\u00e9 - LES CHALETS DE CONJUX\",\"isPartOf\":{\"@id\":\"http:\\\/\\\/leschaletsdeconjux.com\\\/#website\"},\"datePublished\":\"2024-04-05T06:56:02+00:00\",\"dateModified\":\"2024-04-05T06:58:21+00:00\",\"breadcrumb\":{\"@id\":\"http:\\\/\\\/leschaletsdeconjux.com\\\/?page_id=176#breadcrumb\"},\"inLanguage\":\"fr-FR\",\"potentialAction\":[{\"@type\":\"ReadAction\",\"target\":[\"http:\\\/\\\/leschaletsdeconjux.com\\\/?page_id=176\"]}]},{\"@type\":\"BreadcrumbList\",\"@id\":\"http:\\\/\\\/leschaletsdeconjux.com\\\/?page_id=176#breadcrumb\",\"itemListElement\":[{\"@type\":\"ListItem\",\"position\":1,\"name\":\"Accueil\",\"item\":\"http:\\\/\\\/leschaletsdeconjux.com\\\/\"},{\"@type\":\"ListItem\",\"position\":2,\"name\":\"Politique de Confidentialit\u00e9\"}]},{\"@type\":\"WebSite\",\"@id\":\"http:\\\/\\\/leschaletsdeconjux.com\\\/#website\",\"url\":\"http:\\\/\\\/leschaletsdeconjux.com\\\/\",\"name\":\"LES CHALETS DE CONJUX\",\"description\":\"\",\"publisher\":{\"@id\":\"http:\\\/\\\/leschaletsdeconjux.com\\\/#organization\"},\"potentialAction\":[{\"@type\":\"SearchAction\",\"target\":{\"@type\":\"EntryPoint\",\"urlTemplate\":\"http:\\\/\\\/leschaletsdeconjux.com\\\/?s={search_term_string}\"},\"query-input\":{\"@type\":\"PropertyValueSpecification\",\"valueRequired\":true,\"valueName\":\"search_term_string\"}}],\"inLanguage\":\"fr-FR\"},{\"@type\":\"Organization\",\"@id\":\"http:\\\/\\\/leschaletsdeconjux.com\\\/#organization\",\"name\":\"LES CHALETS DE CONJUX\",\"url\":\"http:\\\/\\\/leschaletsdeconjux.com\\\/\",\"logo\":{\"@type\":\"ImageObject\",\"inLanguage\":\"fr-FR\",\"@id\":\"http:\\\/\\\/leschaletsdeconjux.com\\\/#\\\/schema\\\/logo\\\/image\\\/\",\"url\":\"http:\\\/\\\/leschaletsdeconjux.com\\\/wp-content\\\/uploads\\\/2024\\\/04\\\/cropped-cropped-Logo-4.png\",\"contentUrl\":\"http:\\\/\\\/leschaletsdeconjux.com\\\/wp-content\\\/uploads\\\/2024\\\/04\\\/cropped-cropped-Logo-4.png\",\"width\":499,\"height\":268,\"caption\":\"LES CHALETS DE CONJUX\"},\"image\":{\"@id\":\"http:\\\/\\\/leschaletsdeconjux.com\\\/#\\\/schema\\\/logo\\\/image\\\/\"}}]}<\/script>\n<!-- \/ Yoast SEO plugin. -->","yoast_head_json":{"title":"Politique de Confidentialit\u00e9 - LES CHALETS DE CONJUX","robots":{"index":"index","follow":"follow","max-snippet":"max-snippet:-1","max-image-preview":"max-image-preview:large","max-video-preview":"max-video-preview:-1"},"canonical":"http:\/\/leschaletsdeconjux.com\/?page_id=176","og_locale":"fr_FR","og_type":"article","og_title":"Politique de Confidentialit\u00e9 - LES CHALETS DE CONJUX","og_description":"Politique de Confidentialit\u00e9 1- Nature des donn\u00e9es collect\u00e9es Dans le cadre de l\u2019utilisation des Sites, l\u2019\u00c9diteur est susceptible de collecter les cat\u00e9gories de donn\u00e9es suivantes concernant ses Utilisateurs : Donn\u00e9es d\u2019\u00e9tat-civil, d\u2019identit\u00e9, d\u2019identification\u2026 2- Communication des donn\u00e9es personnelles \u00e0 des tiers Pas de communication \u00e0 des tiersVos donn\u00e9es ne font l\u2019objet d\u2019aucune communication \u00e0 des [&hellip;]","og_url":"http:\/\/leschaletsdeconjux.com\/?page_id=176","og_site_name":"LES CHALETS DE CONJUX","article_modified_time":"2024-04-05T06:58:21+00:00","twitter_card":"summary_large_image","twitter_misc":{"Dur\u00e9e de lecture estim\u00e9e":"7 minutes"},"schema":{"@context":"https:\/\/schema.org","@graph":[{"@type":"WebPage","@id":"http:\/\/leschaletsdeconjux.com\/?page_id=176","url":"http:\/\/leschaletsdeconjux.com\/?page_id=176","name":"Politique de Confidentialit\u00e9 - LES CHALETS DE CONJUX","isPartOf":{"@id":"http:\/\/leschaletsdeconjux.com\/#website"},"datePublished":"2024-04-05T06:56:02+00:00","dateModified":"2024-04-05T06:58:21+00:00","breadcrumb":{"@id":"http:\/\/leschaletsdeconjux.com\/?page_id=176#breadcrumb"},"inLanguage":"fr-FR","potentialAction":[{"@type":"ReadAction","target":["http:\/\/leschaletsdeconjux.com\/?page_id=176"]}]},{"@type":"BreadcrumbList","@id":"http:\/\/leschaletsdeconjux.com\/?page_id=176#breadcrumb","itemListElement":[{"@type":"ListItem","position":1,"name":"Accueil","item":"http:\/\/leschaletsdeconjux.com\/"},{"@type":"ListItem","position":2,"name":"Politique de Confidentialit\u00e9"}]},{"@type":"WebSite","@id":"http:\/\/leschaletsdeconjux.com\/#website","url":"http:\/\/leschaletsdeconjux.com\/","name":"LES CHALETS DE CONJUX","description":"","publisher":{"@id":"http:\/\/leschaletsdeconjux.com\/#organization"},"potentialAction":[{"@type":"SearchAction","target":{"@type":"EntryPoint","urlTemplate":"http:\/\/leschaletsdeconjux.com\/?s={search_term_string}"},"query-input":{"@type":"PropertyValueSpecification","valueRequired":true,"valueName":"search_term_string"}}],"inLanguage":"fr-FR"},{"@type":"Organization","@id":"http:\/\/leschaletsdeconjux.com\/#organization","name":"LES CHALETS DE CONJUX","url":"http:\/\/leschaletsdeconjux.com\/","logo":{"@type":"ImageObject","inLanguage":"fr-FR","@id":"http:\/\/leschaletsdeconjux.com\/#\/schema\/logo\/image\/","url":"http:\/\/leschaletsdeconjux.com\/wp-content\/uploads\/2024\/04\/cropped-cropped-Logo-4.png","contentUrl":"http:\/\/leschaletsdeconjux.com\/wp-content\/uploads\/2024\/04\/cropped-cropped-Logo-4.png","width":499,"height":268,"caption":"LES CHALETS DE CONJUX"},"image":{"@id":"http:\/\/leschaletsdeconjux.com\/#\/schema\/logo\/image\/"}}]}},"_links":{"self":[{"href":"http:\/\/leschaletsdeconjux.com\/index.php?rest_route=\/wp\/v2\/pages\/176","targetHints":{"allow":["GET"]}}],"collection":[{"href":"http:\/\/leschaletsdeconjux.com\/index.php?rest_route=\/wp\/v2\/pages"}],"about":[{"href":"http:\/\/leschaletsdeconjux.com\/index.php?rest_route=\/wp\/v2\/types\/page"}],"author":[{"embeddable":true,"href":"http:\/\/leschaletsdeconjux.com\/index.php?rest_route=\/wp\/v2\/users\/2"}],"replies":[{"embeddable":true,"href":"http:\/\/leschaletsdeconjux.com\/index.php?rest_route=%2Fwp%2Fv2%2Fcomments&post=176"}],"version-history":[{"count":4,"href":"http:\/\/leschaletsdeconjux.com\/index.php?rest_route=\/wp\/v2\/pages\/176\/revisions"}],"predecessor-version":[{"id":180,"href":"http:\/\/leschaletsdeconjux.com\/index.php?rest_route=\/wp\/v2\/pages\/176\/revisions\/180"}],"wp:attachment":[{"href":"http:\/\/leschaletsdeconjux.com\/index.php?rest_route=%2Fwp%2Fv2%2Fmedia&parent=176"}],"curies":[{"name":"wp","href":"https:\/\/api.w.org\/{rel}","templated":true}]}}